{"id":2023,"date":"2022-10-05T10:15:41","date_gmt":"2022-10-05T08:15:41","guid":{"rendered":"https:\/\/mon-equilibre-intestinal.com\/?page_id=2023"},"modified":"2022-10-24T12:06:13","modified_gmt":"2022-10-24T10:06:13","slug":"mon-accompagnement","status":"publish","type":"page","link":"https:\/\/mon-equilibre-intestinal.com\/mon-accompagnement\/","title":{"rendered":"Mon accompagnement"},"content":{"rendered":"\t\t<div data-elementor-type=\"wp-page\" data-elementor-id=\"2023\" class=\"elementor elementor-2023\" data-elementor-settings=\"[]\">\n\t\t\t\t\t\t<div class=\"elementor-inner\">\n\t\t\t\t\t\t\t<div class=\"elementor-section-wrap\">\n\t\t\t\t\t\t\t<section class=\"elementor-section elementor-top-section elementor-element elementor-element-6b2684de elementor-section-height-min-height elementor-section-content-middle elementor-section-stretched elementor-section-boxed elementor-section-height-default elementor-section-items-middle\" data-id=\"6b2684de\" data-element_type=\"section\" data-settings=\"{&quot;stretch_section&quot;:&quot;section-stretched&quot;,&quot;background_background&quot;:&quot;classic&quot;,&quot;shape_divider_bottom&quot;:&quot;waves&quot;,&quot;shape_divider_bottom_negative&quot;:&quot;yes&quot;}\">\n\t\t\t\t\t\t\t<div class=\"elementor-background-overlay\"><\/div>\n\t\t\t\t\t\t<div class=\"elementor-shape elementor-shape-bottom\" data-negative=\"true\">\n\t\t\t<svg xmlns=\"http:\/\/www.w3.org\/2000\/svg\" viewBox=\"0 0 1000 100\" preserveAspectRatio=\"none\">\n\t<path class=\"elementor-shape-fill\" d=\"M790.5,93.1c-59.3-5.3-116.8-18-192.6-50c-29.6-12.7-76.9-31-100.5-35.9c-23.6-4.9-52.6-7.8-75.5-5.3\n\tc-10.2,1.1-22.6,1.4-50.1,7.4c-27.2,6.3-58.2,16.6-79.4,24.7c-41.3,15.9-94.9,21.9-134,22.6C72,58.2,0,25.8,0,25.8V100h1000V65.3\n\tc0,0-51.5,19.4-106.2,25.7C839.5,97,814.1,95.2,790.5,93.1z\"\/>\n<\/svg>\t\t<\/div>\n\t\t\t\t\t<div class=\"elementor-container elementor-column-gap-default\">\n\t\t\t\t\t\t\t<div class=\"elementor-row\">\n\t\t\t\t\t<div class=\"elementor-column elementor-col-100 elementor-top-column elementor-element elementor-element-72430bf\" data-id=\"72430bf\" data-element_type=\"column\">\n\t\t\t<div class=\"elementor-column-wrap elementor-element-populated\">\n\t\t\t\t\t\t\t<div class=\"elementor-widget-wrap\">\n\t\t\t\t\t\t\t\t<\/div>\n\t\t\t\t\t<\/div>\n\t\t<\/div>\n\t\t\t\t\t\t\t\t<\/div>\n\t\t\t\t\t<\/div>\n\t\t<\/section>\n\t\t\t\t<section class=\"elementor-section elementor-top-section elementor-element elementor-element-546210c5 elementor-section-stretched elementor-section-boxed elementor-section-height-default elementor-section-height-default\" data-id=\"546210c5\" data-element_type=\"section\" data-settings=\"{&quot;stretch_section&quot;:&quot;section-stretched&quot;}\">\n\t\t\t\t\t\t<div class=\"elementor-container elementor-column-gap-default\">\n\t\t\t\t\t\t\t<div class=\"elementor-row\">\n\t\t\t\t\t<div class=\"elementor-column elementor-col-100 elementor-top-column elementor-element elementor-element-6662ac53\" data-id=\"6662ac53\" data-element_type=\"column\">\n\t\t\t<div class=\"elementor-column-wrap elementor-element-populated\">\n\t\t\t\t\t\t\t<div class=\"elementor-widget-wrap\">\n\t\t\t\t\t\t<div class=\"elementor-element elementor-element-2c4955bd elementor-widget elementor-widget-heading\" data-id=\"2c4955bd\" data-element_type=\"widget\" data-widget_type=\"heading.default\">\n\t\t\t\t<div class=\"elementor-widget-container\">\n\t\t\t<h1 class=\"elementor-heading-title elementor-size-default\">Suivi nutritionnel \u00e0 Lille<\/h1>\t\t<\/div>\n\t\t\t\t<\/div>\n\t\t\t\t<div class=\"elementor-element elementor-element-d762137 elementor-widget-divider--view-line_text elementor-widget-divider--element-align-center elementor-widget elementor-widget-divider\" data-id=\"d762137\" data-element_type=\"widget\" data-widget_type=\"divider.default\">\n\t\t\t\t<div class=\"elementor-widget-container\">\n\t\t\t\t\t<div class=\"elementor-divider\">\n\t\t\t<span class=\"elementor-divider-separator\">\n\t\t\t\t\t\t\t<span class=\"elementor-divider__text elementor-divider__element\">\n\t\t\t\tDjazia Badsi\t\t\t\t<\/span>\n\t\t\t\t\t\t<\/span>\n\t\t<\/div>\n\t\t\t\t<\/div>\n\t\t\t\t<\/div>\n\t\t\t\t<div class=\"elementor-element elementor-element-48612f46 elementor-widget elementor-widget-text-editor\" data-id=\"48612f46\" data-element_type=\"widget\" data-widget_type=\"text-editor.default\">\n\t\t\t\t<div class=\"elementor-widget-container\">\n\t\t\t\t\t\t\t\t<div class=\"elementor-text-editor elementor-clearfix\">\n\t\t\t\t<p>Je vous propose un accompagnement et un suivi nutritionnel gr\u00e2ce \u00e0 une prise en charge globale et fonctionnelle. <strong><a href=\"https:\/\/mon-equilibre-intestinal.com\/\">Di\u00e9t\u00e9ticienne nutritionniste \u00e0 Lille<\/a><\/strong>\u00a0exer\u00e7ant depuis 2019, je m\u2019attelle \u00e0 mettre en \u00e9vidence vos n\u0153uds, \u00e0 savoir les causes profondes de vos troubles et je travaille avec vous sur un changement d\u2019hygi\u00e8ne de vie durable afin de les d\u00e9nouer et r\u00e9soudre ainsi vos probl\u00e8mes de sant\u00e9.<\/p>\t\t\t\t\t<\/div>\n\t\t\t\t\t\t<\/div>\n\t\t\t\t<\/div>\n\t\t\t\t\t\t<\/div>\n\t\t\t\t\t<\/div>\n\t\t<\/div>\n\t\t\t\t\t\t\t\t<\/div>\n\t\t\t\t\t<\/div>\n\t\t<\/section>\n\t\t\t\t<section class=\"elementor-section elementor-top-section elementor-element elementor-element-4a7514ce elementor-section-content-middle elementor-section-stretched elementor-section-boxed elementor-section-height-default elementor-section-height-default\" data-id=\"4a7514ce\" data-element_type=\"section\" data-settings=\"{&quot;stretch_section&quot;:&quot;section-stretched&quot;}\">\n\t\t\t\t\t\t<div class=\"elementor-container elementor-column-gap-default\">\n\t\t\t\t\t\t\t<div class=\"elementor-row\">\n\t\t\t\t\t<div class=\"elementor-column elementor-col-50 elementor-top-column elementor-element elementor-element-28fd1660\" data-id=\"28fd1660\" data-element_type=\"column\">\n\t\t\t<div class=\"elementor-column-wrap elementor-element-populated\">\n\t\t\t\t\t\t\t<div class=\"elementor-widget-wrap\">\n\t\t\t\t\t\t<div class=\"elementor-element elementor-element-6f893956 elementor-widget elementor-widget-image\" data-id=\"6f893956\" data-element_type=\"widget\" data-widget_type=\"image.default\">\n\t\t\t\t<div class=\"elementor-widget-container\">\n\t\t\t\t\t\t\t\t<div class=\"elementor-image\">\n\t\t\t\t\t\t\t\t\t\t\t\t<img width=\"700\" height=\"500\" src=\"https:\/\/mon-equilibre-intestinal.com\/wp-content\/uploads\/2022\/10\/image2.jpg\" class=\"attachment-large size-large\" alt=\"Suivi nutritionnel Lille\" srcset=\"https:\/\/mon-equilibre-intestinal.com\/wp-content\/uploads\/2022\/10\/image2.jpg 700w, https:\/\/mon-equilibre-intestinal.com\/wp-content\/uploads\/2022\/10\/image2-300x214.jpg 300w\" sizes=\"(max-width: 700px) 100vw, 700px\" \/>\t\t\t\t\t\t\t\t\t\t\t\t\t\t<\/div>\n\t\t\t\t\t\t<\/div>\n\t\t\t\t<\/div>\n\t\t\t\t\t\t<\/div>\n\t\t\t\t\t<\/div>\n\t\t<\/div>\n\t\t\t\t<div class=\"elementor-column elementor-col-50 elementor-top-column elementor-element elementor-element-a79c831\" data-id=\"a79c831\" data-element_type=\"column\">\n\t\t\t<div class=\"elementor-column-wrap elementor-element-populated\">\n\t\t\t\t\t\t\t<div class=\"elementor-widget-wrap\">\n\t\t\t\t\t\t<div class=\"elementor-element elementor-element-7ae3dac9 elementor-widget elementor-widget-heading\" data-id=\"7ae3dac9\" data-element_type=\"widget\" data-widget_type=\"heading.default\">\n\t\t\t\t<div class=\"elementor-widget-container\">\n\t\t\t<h2 class=\"elementor-heading-title elementor-size-default\">Un accompagnement nutritionnel adapt\u00e9 \u00e0 chacun  <\/h2>\t\t<\/div>\n\t\t\t\t<\/div>\n\t\t\t\t<div class=\"elementor-element elementor-element-623be93 elementor-widget elementor-widget-text-editor\" data-id=\"623be93\" data-element_type=\"widget\" data-widget_type=\"text-editor.default\">\n\t\t\t\t<div class=\"elementor-widget-container\">\n\t\t\t\t\t\t\t\t<div class=\"elementor-text-editor elementor-clearfix\">\n\t\t\t\t<p><span>Di\u00e9t\u00e9ticienne nutritionniste sp\u00e9cialis\u00e9e en troubles de l\u2019intestin, je vous propose un accompagnement di\u00e9t\u00e9tique sur mesure et un suivi nutritionnel \u00e0 Lille. Vous souffrez de troubles digestifs ? Je vous re\u00e7ois dans mon cabinet pour un suivi di\u00e9t\u00e9tique personnalis\u00e9, en fonction de vos besoins.<\/span><\/p><p><span>Vous le savez sans doute, l\u2019alimentation est souvent \u00e0 l\u2019origine de nombreux troubles, dont les troubles intestinaux, raison pour laquelle je m\u2019attelle \u00e0 fournir un suivi nutritionnel \u00e0 Lille adapt\u00e9 \u00e0 chacun, sans privation ni r\u00e9gime pour \u00e9viter les frustrations ou encore l\u2019effet yoyo.<\/span><\/p><p>Outre les troubles intestinaux \/ digestifs, je suis \u00e9galement sp\u00e9cialis\u00e9e en troubles de la thyro\u00efde (hypothyro\u00efdie, thyro\u00efdite d\u2019hashimoto, Basedow, hyperthyro\u00efdie), allergies et intol\u00e9rances alimentaires, confort digestif (ballonnements, troubles du transit, etc.), maladie c\u0153liaque, micronutrition, r\u00e9gime pauvre en FODMAP, troubles hormonaux, etc.<\/p>\t\t\t\t\t<\/div>\n\t\t\t\t\t\t<\/div>\n\t\t\t\t<\/div>\n\t\t\t\t\t\t<\/div>\n\t\t\t\t\t<\/div>\n\t\t<\/div>\n\t\t\t\t\t\t\t\t<\/div>\n\t\t\t\t\t<\/div>\n\t\t<\/section>\n\t\t\t\t<section class=\"elementor-section elementor-top-section elementor-element elementor-element-369f9a6 elementor-section-content-middle elementor-section-stretched elementor-reverse-tablet elementor-reverse-mobile elementor-section-boxed elementor-section-height-default elementor-section-height-default\" data-id=\"369f9a6\" data-element_type=\"section\" data-settings=\"{&quot;stretch_section&quot;:&quot;section-stretched&quot;}\">\n\t\t\t\t\t\t<div class=\"elementor-container elementor-column-gap-default\">\n\t\t\t\t\t\t\t<div class=\"elementor-row\">\n\t\t\t\t\t<div class=\"elementor-column elementor-col-50 elementor-top-column elementor-element elementor-element-9612e11\" data-id=\"9612e11\" data-element_type=\"column\">\n\t\t\t<div class=\"elementor-column-wrap elementor-element-populated\">\n\t\t\t\t\t\t\t<div class=\"elementor-widget-wrap\">\n\t\t\t\t\t\t<div class=\"elementor-element elementor-element-e7eb21d elementor-widget elementor-widget-text-editor\" data-id=\"e7eb21d\" data-element_type=\"widget\" data-widget_type=\"text-editor.default\">\n\t\t\t\t<div class=\"elementor-widget-container\">\n\t\t\t\t\t\t\t\t<div class=\"elementor-text-editor elementor-clearfix\">\n\t\t\t\t<p><span>Quel que soit le trouble dont vous souffrez, je suis en mesure de vous proposer un accompagnement di\u00e9t\u00e9tique adapt\u00e9 pour am\u00e9liorer votre sentiment de bien-\u00eatre.<\/span><\/p><p><span>Pratiquant le m\u00e9tier par passion, je mets un point d\u2019honneur \u00e0 vous apporter l\u2019aide nutritionnelle dont vous avez besoin. Au terme d\u2019un bilan couvrant vos besoins et vos habitudes alimentaires, je partagerai avec vous des conseils personnalis\u00e9s pour une meilleure alimentation, et donc un meilleur confort de vie. L\u2019id\u00e9e est de mieux \u00e9quilibrer vos repas et de vous apprendre \u00e0 bien choisir vos aliments. Je peux \u00e9galement vous donner des id\u00e9es de recettes pour que vous puissiez bien manger sans forc\u00e9ment vous priver. <\/span><\/p><p>Parce que manger est bien plus qu\u2019un acte nutritionnel, j\u2019adopte une approche globale et fonctionnelle afin de vous aider \u00e0 changer votre comportement alimentaire durablement. <\/p>\t\t\t\t\t<\/div>\n\t\t\t\t\t\t<\/div>\n\t\t\t\t<\/div>\n\t\t\t\t\t\t<\/div>\n\t\t\t\t\t<\/div>\n\t\t<\/div>\n\t\t\t\t<div class=\"elementor-column elementor-col-50 elementor-top-column elementor-element elementor-element-ab40248\" data-id=\"ab40248\" data-element_type=\"column\">\n\t\t\t<div class=\"elementor-column-wrap elementor-element-populated\">\n\t\t\t\t\t\t\t<div class=\"elementor-widget-wrap\">\n\t\t\t\t\t\t<div class=\"elementor-element elementor-element-b643fe5 elementor-widget elementor-widget-image\" data-id=\"b643fe5\" data-element_type=\"widget\" data-widget_type=\"image.default\">\n\t\t\t\t<div class=\"elementor-widget-container\">\n\t\t\t\t\t\t\t\t<div class=\"elementor-image\">\n\t\t\t\t\t\t\t\t\t\t\t\t<img width=\"700\" height=\"500\" src=\"https:\/\/mon-equilibre-intestinal.com\/wp-content\/uploads\/2022\/10\/image3.jpg\" class=\"attachment-large size-large\" alt=\"Troubles Digestifs Lille\" srcset=\"https:\/\/mon-equilibre-intestinal.com\/wp-content\/uploads\/2022\/10\/image3.jpg 700w, https:\/\/mon-equilibre-intestinal.com\/wp-content\/uploads\/2022\/10\/image3-300x214.jpg 300w\" sizes=\"(max-width: 700px) 100vw, 700px\" \/>\t\t\t\t\t\t\t\t\t\t\t\t\t\t<\/div>\n\t\t\t\t\t\t<\/div>\n\t\t\t\t<\/div>\n\t\t\t\t\t\t<\/div>\n\t\t\t\t\t<\/div>\n\t\t<\/div>\n\t\t\t\t\t\t\t\t<\/div>\n\t\t\t\t\t<\/div>\n\t\t<\/section>\n\t\t\t\t<section class=\"elementor-section elementor-top-section elementor-element elementor-element-37d3fd7a elementor-section-height-min-height elementor-section-content-middle elementor-section-stretched elementor-section-boxed elementor-section-height-default elementor-section-items-middle\" data-id=\"37d3fd7a\" data-element_type=\"section\" data-settings=\"{&quot;stretch_section&quot;:&quot;section-stretched&quot;,&quot;background_background&quot;:&quot;classic&quot;,&quot;shape_divider_top&quot;:&quot;waves&quot;}\">\n\t\t\t\t\t\t\t<div class=\"elementor-background-overlay\"><\/div>\n\t\t\t\t\t\t<div class=\"elementor-shape elementor-shape-top\" data-negative=\"false\">\n\t\t\t<svg xmlns=\"http:\/\/www.w3.org\/2000\/svg\" viewBox=\"0 0 1000 100\" preserveAspectRatio=\"none\">\n\t<path class=\"elementor-shape-fill\" d=\"M421.9,6.5c22.6-2.5,51.5,0.4,75.5,5.3c23.6,4.9,70.9,23.5,100.5,35.7c75.8,32.2,133.7,44.5,192.6,49.7\n\tc23.6,2.1,48.7,3.5,103.4-2.5c54.7-6,106.2-25.6,106.2-25.6V0H0v30.3c0,0,72,32.6,158.4,30.5c39.2-0.7,92.8-6.7,134-22.4\n\tc21.2-8.1,52.2-18.2,79.7-24.2C399.3,7.9,411.6,7.5,421.9,6.5z\"\/>\n<\/svg>\t\t<\/div>\n\t\t\t\t\t<div class=\"elementor-container elementor-column-gap-default\">\n\t\t\t\t\t\t\t<div class=\"elementor-row\">\n\t\t\t\t\t<div class=\"elementor-column elementor-col-100 elementor-top-column elementor-element elementor-element-38acb485\" data-id=\"38acb485\" data-element_type=\"column\">\n\t\t\t<div class=\"elementor-column-wrap elementor-element-populated\">\n\t\t\t\t\t\t\t<div class=\"elementor-widget-wrap\">\n\t\t\t\t\t\t<div class=\"elementor-element elementor-element-67a00148 elementor-invisible elementor-widget elementor-widget-heading\" data-id=\"67a00148\" data-element_type=\"widget\" data-settings=\"{&quot;_animation&quot;:&quot;zoomIn&quot;}\" data-widget_type=\"heading.default\">\n\t\t\t\t<div class=\"elementor-widget-container\">\n\t\t\t<span class=\"elementor-heading-title elementor-size-default\">Contactez-nous<\/span>\t\t<\/div>\n\t\t\t\t<\/div>\n\t\t\t\t<div class=\"elementor-element elementor-element-af8b542 elementor-widget-divider--view-line elementor-widget elementor-widget-divider\" data-id=\"af8b542\" data-element_type=\"widget\" data-widget_type=\"divider.default\">\n\t\t\t\t<div class=\"elementor-widget-container\">\n\t\t\t\t\t<div class=\"elementor-divider\">\n\t\t\t<span class=\"elementor-divider-separator\">\n\t\t\t\t\t\t<\/span>\n\t\t<\/div>\n\t\t\t\t<\/div>\n\t\t\t\t<\/div>\n\t\t\t\t<div class=\"elementor-element elementor-element-713d588d elementor-widget elementor-widget-text-editor\" data-id=\"713d588d\" data-element_type=\"widget\" data-widget_type=\"text-editor.default\">\n\t\t\t\t<div class=\"elementor-widget-container\">\n\t\t\t\t\t\t\t\t<div class=\"elementor-text-editor elementor-clearfix\">\n\t\t\t\t<p>Pour en savoir plus, n\u2019h\u00e9sitez pas \u00e0 me contacter en appelant le <strong><a href=\"tel:0628958351\">06.28.95.83.51<\/a><\/strong>.<\/p>\t\t\t\t\t<\/div>\n\t\t\t\t\t\t<\/div>\n\t\t\t\t<\/div>\n\t\t\t\t\t\t<\/div>\n\t\t\t\t\t<\/div>\n\t\t<\/div>\n\t\t\t\t\t\t\t\t<\/div>\n\t\t\t\t\t<\/div>\n\t\t<\/section>\n\t\t\t\t\t\t<\/div>\n\t\t\t\t\t\t<\/div>\n\t\t\t\t\t<\/div>\n\t\t","protected":false},"excerpt":{"rendered":"<p>Suivi nutritionnel \u00e0 Lille Djazia Badsi Je vous propose un accompagnement et un suivi nutritionnel gr\u00e2ce \u00e0 une prise en charge globale et fonctionnelle. Di\u00e9t\u00e9ticienne nutritionniste \u00e0 Lille\u00a0exer\u00e7ant depuis 2019, je m\u2019attelle \u00e0 mettre en \u00e9vidence vos n\u0153uds, \u00e0 savoir les causes profondes de vos troubles et je travaille avec [&hellip;]<\/p>\n","protected":false},"author":22,"featured_media":0,"parent":0,"menu_order":0,"comment_status":"closed","ping_status":"closed","template":"","meta":[],"acf":[],"aioseo_notices":[],"_links":{"self":[{"href":"https:\/\/mon-equilibre-intestinal.com\/nov-apijson\/wp\/v2\/pages\/2023"}],"collection":[{"href":"https:\/\/mon-equilibre-intestinal.com\/nov-apijson\/wp\/v2\/pages"}],"about":[{"href":"https:\/\/mon-equilibre-intestinal.com\/nov-apijson\/wp\/v2\/types\/page"}],"author":[{"embeddable":true,"href":"https:\/\/mon-equilibre-intestinal.com\/nov-apijson\/wp\/v2\/users\/22"}],"replies":[{"embeddable":true,"href":"https:\/\/mon-equilibre-intestinal.com\/nov-apijson\/wp\/v2\/comments?post=2023"}],"version-history":[{"count":21,"href":"https:\/\/mon-equilibre-intestinal.com\/nov-apijson\/wp\/v2\/pages\/2023\/revisions"}],"predecessor-version":[{"id":2645,"href":"https:\/\/mon-equilibre-intestinal.com\/nov-apijson\/wp\/v2\/pages\/2023\/revisions\/2645"}],"wp:attachment":[{"href":"https:\/\/mon-equilibre-intestinal.com\/nov-apijson\/wp\/v2\/media?parent=2023"}],"curies":[{"name":"wp","href":"https:\/\/api.w.org\/{rel}","templated":true}]}}